{"id":6824,"date":"2021-12-02T14:10:36","date_gmt":"2021-12-02T13:10:36","guid":{"rendered":"https:\/\/ceramicart.be\/?post_type=product&#038;p=6824"},"modified":"2023-01-20T15:32:25","modified_gmt":"2023-01-20T14:32:25","slug":"vase-coll-lichen","status":"publish","type":"product","link":"https:\/\/ceramicart.be\/nl\/shop-standard\/decoration\/vase-coll-lichen\/","title":{"rendered":"VASE &#8211; Coll Lichen"},"content":{"rendered":"<p>La collection LICHEN est une collection de c\u00e9ramiques artisanales aux couleurs douces. Cette collection est cr\u00e9\u00e9e \u00e0 partir de gr\u00e8s blanc provenant de Belgique. Elle fait r\u00e9f\u00e9rence \u00e0 la douceur et la finesse de la mousse trouv\u00e9e sur les cailloux en bord de rivi\u00e8re et dans la lisi\u00e8re des bois. Cette collection m\u2019a \u00e9t\u00e9 inspir\u00e9e par mes nombreuses ballades dans la for\u00eat o\u00f9 je ne peux m\u2019emp\u00eacher de m\u2019\u00e9merveiller devant ces tr\u00e9sors g\u00e9n\u00e9reusement offerts par dame Nature.<\/p>","protected":false},"excerpt":{"rendered":"<p>Vase pour sublimer vos plus jolis bouquets de fleurs. Vous pouvez aussi l&rsquo;utiliser pour y d\u00e9poser vos ustensiles de cuisine. Il convient au lave-vaisselle.<\/p>","protected":false},"featured_media":7112,"template":"","meta":{"jetpack_publicize_message":"Vase dans les tons bruns et vert p\u00e2le de la collection LICHEN. Pour int\u00e9grer l'\u00e9nergie de la terre dans votre d\u00e9coration d'int\u00e9rieur.","jetpack_publicize_feature_enabled":true,"jetpack_social_post_already_shared":true,"jetpack_social_options":{"image_generator_settings":{"template":"highway","enabled":false},"version":2}},"product_brand":[],"product_cat":[242,48],"product_tag":[171,169,166,33],"class_list":{"0":"post-6824","1":"product","2":"type-product","3":"status-publish","4":"has-post-thumbnail","6":"product_cat-collection-lichen","7":"product_cat-decoration","8":"product_tag-cuisine","9":"product_tag-gres-blanc","10":"product_tag-vaisselle","11":"product_tag-vase","13":"first","14":"outofstock","15":"shipping-taxable","16":"purchasable","17":"product-type-simple"},"jetpack_publicize_connections":[],"jetpack_sharing_enabled":true,"_links":{"self":[{"href":"https:\/\/ceramicart.be\/nl\/wp-json\/wp\/v2\/product\/6824"}],"collection":[{"href":"https:\/\/ceramicart.be\/nl\/wp-json\/wp\/v2\/product"}],"about":[{"href":"https:\/\/ceramicart.be\/nl\/wp-json\/wp\/v2\/types\/product"}],"wp:featuredmedia":[{"embeddable":true,"href":"https:\/\/ceramicart.be\/nl\/wp-json\/wp\/v2\/media\/7112"}],"wp:attachment":[{"href":"https:\/\/ceramicart.be\/nl\/wp-json\/wp\/v2\/media?parent=6824"}],"wp:term":[{"taxonomy":"product_brand","embeddable":true,"href":"https:\/\/ceramicart.be\/nl\/wp-json\/wp\/v2\/product_brand?post=6824"},{"taxonomy":"product_cat","embeddable":true,"href":"https:\/\/ceramicart.be\/nl\/wp-json\/wp\/v2\/product_cat?post=6824"},{"taxonomy":"product_tag","embeddable":true,"href":"https:\/\/ceramicart.be\/nl\/wp-json\/wp\/v2\/product_tag?post=6824"}],"curies":[{"name":"wp","href":"https:\/\/api.w.org\/{rel}","templated":true}]}}